{"id":13729,"date":"2022-11-03T11:00:53","date_gmt":"2022-11-03T11:00:53","guid":{"rendered":"https:\/\/www.onilsa.com\/sobre-onilsa\/proyectos\/alb-la-bisbal-del-penedes\/"},"modified":"2026-04-10T08:13:55","modified_gmt":"2026-04-10T08:13:55","slug":"alb-la-bisbal-del-penedes","status":"publish","type":"portfolio","link":"https:\/\/www.onilsa.com\/en\/sobre-onilsa\/proyectos\/alb-la-bisbal-del-penedes\/","title":{"rendered":"ALB &#8211; La Bisbal del Pened\u00e9s"},"content":{"rendered":"\n<style type=\"text\/css\" data-created_by=\"avia_inline_auto\" id=\"style-css-av-1iaqpjk-414fefc997726dcb796576b38503c9eb\">\n.flex_column.av-1iaqpjk-414fefc997726dcb796576b38503c9eb{\nborder-radius:0px 0px 0px 0px;\npadding:0px 0px 0px 0px;\n}\n<\/style>\n<div  class='flex_column av-1iaqpjk-414fefc997726dcb796576b38503c9eb av_one_half  avia-builder-el-0  el_before_av_one_half  avia-builder-el-first  first flex_column_div av-zero-column-padding  '     ><div  class='avia-slideshow av-1g6108w-3e2bb9351c5b3e7fb568cb8fa2a0adc9 avia-slideshow-no scaling av_slideshow avia-slide-slider  avia-builder-el-1  avia-builder-el-no-sibling  av-slideshow-ui av-control-default av-slideshow-manual av-loop-once av-loop-manual-endless av-default-height-applied avia-slideshow-1' data-slideshow-options=\"{&quot;animation&quot;:&quot;slide&quot;,&quot;autoplay&quot;:false,&quot;loop_autoplay&quot;:&quot;once&quot;,&quot;interval&quot;:5,&quot;loop_manual&quot;:&quot;manual-endless&quot;,&quot;autoplay_stopper&quot;:true,&quot;noNavigation&quot;:false,&quot;bg_slider&quot;:false,&quot;keep_padding&quot;:false,&quot;hoverpause&quot;:false,&quot;show_slide_delay&quot;:0}\"  itemprop=\"image\" itemscope=\"itemscope\" itemtype=\"https:\/\/schema.org\/ImageObject\" ><ul class='avia-slideshow-inner ' style='padding-bottom: 74.141876430206%;'><li  class='avia-slideshow-slide av-1g6108w-3e2bb9351c5b3e7fb568cb8fa2a0adc9__0  av-single-slide slide-1 slide-odd'><div data-rel='slideshow-1' class='avia-slide-wrap '   ><img decoding=\"async\" fetchpriority=\"high\" class=\"wp-image-8348 avia-img-lazy-loading-not-8348\"  src=\"https:\/\/www.onilsa.com\/wp-content\/uploads\/2022\/11\/onilsa-alb-la-bisbal.jpeg\" width=\"437\" height=\"324\" title='onilsa alb la bisbal' alt=''  itemprop=\"thumbnailUrl\" srcset=\"https:\/\/www.onilsa.com\/wp-content\/uploads\/2022\/11\/onilsa-alb-la-bisbal.jpeg 437w, https:\/\/www.onilsa.com\/wp-content\/uploads\/2022\/11\/onilsa-alb-la-bisbal-300x222.jpeg 300w\" sizes=\"(max-width: 437px) 100vw, 437px\" \/><\/div><\/li><\/ul><\/div><\/div>\n\n<style type=\"text\/css\" data-created_by=\"avia_inline_auto\" id=\"style-css-av-1c4k60g-e21277fbd7221c61ea0752d2c51271a1\">\n.flex_column.av-1c4k60g-e21277fbd7221c61ea0752d2c51271a1{\nborder-radius:0px 0px 0px 0px;\npadding:0px 0px 0px 0px;\n}\n<\/style>\n<div  class='flex_column av-1c4k60g-e21277fbd7221c61ea0752d2c51271a1 av_one_half  avia-builder-el-2  el_after_av_one_half  el_before_av_section  avia-builder-el-last  flex_column_div av-zero-column-padding  '     ><p>\n<style type=\"text\/css\" data-created_by=\"avia_inline_auto\" id=\"style-css-av-klqie49h-e5ba98b4a88bb0d6437ff44c08ca3eaf\">\n#top .av-special-heading.av-klqie49h-e5ba98b4a88bb0d6437ff44c08ca3eaf{\npadding-bottom:0;\n}\nbody .av-special-heading.av-klqie49h-e5ba98b4a88bb0d6437ff44c08ca3eaf .av-special-heading-tag .heading-char{\nfont-size:25px;\n}\n.av-special-heading.av-klqie49h-e5ba98b4a88bb0d6437ff44c08ca3eaf .av-subheading{\nfont-size:15px;\n}\n<\/style>\n<div  class='av-special-heading av-klqie49h-e5ba98b4a88bb0d6437ff44c08ca3eaf av-special-heading-h3 blockquote modern-quote  avia-builder-el-3  el_before_av_hr  avia-builder-el-first '><h3 class='av-special-heading-tag '  itemprop=\"headline\"  >ALB &#8211; La Bisbal del Pened\u00e9s<\/h3><div class=\"special-heading-border\"><div class=\"special-heading-inner-border\"><\/div><\/div><\/div><br \/>\n\n<style type=\"text\/css\" data-created_by=\"avia_inline_auto\" id=\"style-css-av-1bw1o28-0c9dd0ffc3480fb10b8e89bb8ecf1bbd\">\n#top .hr.av-1bw1o28-0c9dd0ffc3480fb10b8e89bb8ecf1bbd{\nmargin-top:10px;\nmargin-bottom:10px;\n}\n.hr.av-1bw1o28-0c9dd0ffc3480fb10b8e89bb8ecf1bbd .hr-inner{\nwidth:50px;\nborder-color:#efbb20;\n}\n<\/style>\n<div  class='hr av-1bw1o28-0c9dd0ffc3480fb10b8e89bb8ecf1bbd hr-custom  avia-builder-el-4  el_after_av_heading  el_before_av_textblock  hr-left hr-icon-no'><span class='hr-inner inner-border-av-border-fat'><span class=\"hr-inner-style\"><\/span><\/span><\/div><br \/>\n<section  class='av_textblock_section av-joogmgkx-014db6c5fba084baa6aef510218a056a '   itemscope=\"itemscope\" itemtype=\"https:\/\/schema.org\/CreativeWork\" ><div class='avia_textblock'  itemprop=\"text\" ><p class=\"p1\">Onilsa inicia la ampliaci\u00f3n de las instalaciones de ALB en La Bisbal del Pened\u00e9s, Tarragona. Sobre una parcela de 10.000m2 en la que se construyeron casi 2.600 m2 de edificio para uso industrial se realizar\u00e1 en esta segunda fase la ampliaci\u00f3n de la nave existente con 4.310m2 construidos nuevos. Entre ellos destacan los 3.005 m2 nuevos destinados a almac\u00e9n y el nuevo m\u00f3dulo de 850m2 de oficinas dividido en 339m2 en PB, 96 m2 en P1 y 415m2 en P2 que ser\u00e1 realizado en una fase posterior.<\/p>\n<p class=\"p1\">Los trabajos se han iniciado por el almac\u00e9n, para cuya finalizaci\u00f3n se habr\u00e1n de esperar 7 meses estim\u00e1ndose la finalizaci\u00f3n en verano de 2023.<\/p>\n<\/div><\/section><br \/>\n<section  class='av_textblock_section av-joognmyu-93047a2e1415ea26161117afea4a9319 '   itemscope=\"itemscope\" itemtype=\"https:\/\/schema.org\/CreativeWork\" ><div class='avia_textblock'  itemprop=\"text\" ><p><a href=\"https:\/\/www.onilsa.com\/blog\/tag\/logistica\/\">Log\u00edstica<\/a> | <a href=\"https:\/\/www.onilsa.com\/blog\/tag\/en-construccion\/\">En construcci\u00f3n<\/a><\/p>\n<\/div><\/section><\/p><\/div><\/div><\/div><\/div><!-- close content main div --><\/div><\/div><div id='av_section_1'  class='avia-section av-1a344ts-be8a4ab3eb7cd15868760f99d35c5ab1 alternate_color avia-section-default avia-no-border-styling  avia-builder-el-7  el_after_av_one_half  el_before_av_textblock  avia-bg-style-scroll container_wrap sidebar_right'  ><div class='container av-section-cont-open' ><div class='template-page content  av-content-small alpha units'><div class='post-entry post-entry-type-page post-entry-13729'><div class='entry-content-wrapper clearfix'>\n\n<style type=\"text\/css\" data-created_by=\"avia_inline_auto\" id=\"style-css-av-18b0tk0-04f3ed93ae2017fa9ba440e08663632a\">\n.flex_column.av-18b0tk0-04f3ed93ae2017fa9ba440e08663632a{\nborder-radius:0px 0px 0px 0px;\npadding:0px 0px 0px 0px;\n}\n<\/style>\n<div  class='flex_column av-18b0tk0-04f3ed93ae2017fa9ba440e08663632a av_one_fourth  avia-builder-el-8  el_before_av_one_fourth  avia-builder-el-first  first flex_column_div av-zero-column-padding  '     ><section  class='av_textblock_section av-joognxt7-be19b351caa55907f3ff1a220ee170e0 '   itemscope=\"itemscope\" itemtype=\"https:\/\/schema.org\/CreativeWork\" ><div class='avia_textblock'  itemprop=\"text\" ><h2 style=\"text-align: center;\"><strong>La Bisbal del Pened\u00e9s<\/strong><\/h2>\n<h3 style=\"text-align: center;\"><span style=\"color: #808080;\">Localidad<\/span><\/h3>\n<\/div><\/section><\/div>\n<style type=\"text\/css\" data-created_by=\"avia_inline_auto\" id=\"style-css-av-1622aps-41126af3e98b8f98c6f8e437179b57d9\">\n.flex_column.av-1622aps-41126af3e98b8f98c6f8e437179b57d9{\nborder-radius:0px 0px 0px 0px;\npadding:0px 0px 0px 0px;\n}\n<\/style>\n<div  class='flex_column av-1622aps-41126af3e98b8f98c6f8e437179b57d9 av_one_fourth  avia-builder-el-10  el_after_av_one_fourth  el_before_av_one_fourth  flex_column_div av-zero-column-padding  '     ><section  class='av_textblock_section av-joogo5tm-d26ddef7d4599a3404e1090ae455c3a8 '   itemscope=\"itemscope\" itemtype=\"https:\/\/schema.org\/CreativeWork\" ><div class='avia_textblock'  itemprop=\"text\" ><h2 style=\"text-align: center;\">\u00a0Verano 2023<\/h2>\n<h3 style=\"text-align: center;\"><span style=\"color: #808080;\">Fecha Construcci\u00f3n<\/span><\/h3>\n<\/div><\/section><\/div>\n<style type=\"text\/css\" data-created_by=\"avia_inline_auto\" id=\"style-css-av-14utsrk-45f7a6a6e4abe7994575493c23db40ba\">\n.flex_column.av-14utsrk-45f7a6a6e4abe7994575493c23db40ba{\nborder-radius:0px 0px 0px 0px;\npadding:0px 0px 0px 0px;\n}\n<\/style>\n<div  class='flex_column av-14utsrk-45f7a6a6e4abe7994575493c23db40ba av_one_fourth  avia-builder-el-12  el_after_av_one_fourth  el_before_av_one_fourth  flex_column_div av-zero-column-padding  '     ><section  class='av_textblock_section av-joogoi6c-81b5822be4aa50ea2a401c84ce50abf6 '   itemscope=\"itemscope\" itemtype=\"https:\/\/schema.org\/CreativeWork\" ><div class='avia_textblock'  itemprop=\"text\" ><h2 style=\"text-align: center;\">4.310 m2<\/h2>\n<h3 style=\"text-align: center;\"><span style=\"color: #808080;\">Metros construidos<\/span><\/h3>\n<\/div><\/section><\/div>\n<style type=\"text\/css\" data-created_by=\"avia_inline_auto\" id=\"style-css-av-13ly56o-88c5cbd1a17acfd679ac67b09655ae03\">\n.flex_column.av-13ly56o-88c5cbd1a17acfd679ac67b09655ae03{\nborder-radius:0px 0px 0px 0px;\npadding:0px 0px 0px 0px;\n}\n<\/style>\n<div  class='flex_column av-13ly56o-88c5cbd1a17acfd679ac67b09655ae03 av_one_fourth  avia-builder-el-14  el_after_av_one_fourth  avia-builder-el-last  flex_column_div av-zero-column-padding  '     ><section  class='av_textblock_section av-joogoqn0-b5ebb0f74a18229e6c59aad0afbcb0e5 '   itemscope=\"itemscope\" itemtype=\"https:\/\/schema.org\/CreativeWork\" ><div class='avia_textblock'  itemprop=\"text\" ><h2 style=\"text-align: center;\">Log\u00edstica<\/h2>\n<h3 style=\"text-align: center;\"><span style=\"color: #808080;\">Tipo de construcci\u00f3n<\/span><\/h3>\n<\/div><\/section><\/div>\n<\/div><\/div><\/div><!-- close content main div --><\/div><\/div><div id='after_section_1'  class='main_color av_default_container_wrap container_wrap sidebar_right'  ><div class='container av-section-cont-open' ><div class='template-page content  av-content-small alpha units'><div class='post-entry post-entry-type-page post-entry-13729'><div class='entry-content-wrapper clearfix'><\/p>\n<section  class='av_textblock_section av-11cfwgw-822dbd32e0255e59725e9e2e925e4960 '   itemscope=\"itemscope\" itemtype=\"https:\/\/schema.org\/CreativeWork\" ><div class='avia_textblock'  itemprop=\"text\" ><h3 style=\"text-align: center;\">Proyectos relacionados<\/h3>\n<\/div><\/section>\n<div  id=\"av-sc-portfolio-1\"  class=\"av-portfolio-grid-sorting-container\"><div class='sort_width_container  av-sort-yes' data-portfolio-id='1' ><div id='js_sort_items' ><div class='sort_by_cat hidden'><a href=\"#\" data-filter=\"all_sort\" class=\"all_sort_button active_sort\"><span class=\"inner_sort_button\"><span>All<\/span><small class=\"av-cat-count\"> 4 <\/small><\/span><\/a><span class=\"text-sep logistica-en_sort_sep\">\/<\/span><a href=\"#\" data-filter=\"logistica-en_sort\" class=\"logistica-en_sort_button\" ><span class=\"inner_sort_button\"><span>Log\u00edstica<\/span><small class=\"av-cat-count\"> 4 <\/small><\/span><\/a><\/div><\/div><\/div><div  class=' grid-sort-container isotope   no_margin-container with-excerpt-container grid-total-even grid-col-4 grid-links-' data-portfolio-id='1'><div data-ajax-id='13813' class=' grid-entry flex_column isotope-item all_sort no_margin post-entry post-entry-13813 grid-entry-overview grid-loop-1 grid-parity-odd  destacados-en_sort en-construccion-en_sort logistica-en_sort valencia_sort  av_one_fourth first default_av_fullwidth '><article class='main_color inner-entry'  itemscope=\"itemscope\" itemtype=\"https:\/\/schema.org\/CreativeWork\" ><a href=\"https:\/\/www.onilsa.com\/en\/sobre-onilsa\/proyectos\/goodmanpaterna\/\" title='Goodman &#8211; Paterna'  data-rel='grid-1' class='grid-image avia-hover-fx'> <img decoding=\"async\" fetchpriority=\"high\" width=\"260\" height=\"185\" src=\"https:\/\/www.onilsa.com\/wp-content\/uploads\/2025\/11\/5-copia-260x185.jpg\" class=\"wp-image-13487 avia-img-lazy-loading-not-13487 attachment-portfolio_small size-portfolio_small wp-post-image\" alt=\"\" \/><\/a><div class='grid-content'><div class='avia-arrow'><\/div><header class=\"entry-content-header\" aria-label=\"Portfolio: Goodman &#8211; Paterna\"><h3 class='grid-entry-title entry-title '  itemprop=\"headline\" ><a href='https:\/\/www.onilsa.com\/en\/sobre-onilsa\/proyectos\/goodmanpaterna\/' title='Goodman &#8211; Paterna'>Goodman &#8211; Paterna<\/a><\/h3><\/header><\/div><footer class=\"entry-footer\"><\/footer><\/article><\/div><div data-ajax-id='13788' class=' grid-entry flex_column isotope-item all_sort no_margin post-entry post-entry-13788 grid-entry-overview grid-loop-2 grid-parity-even  cataluna_sort cross-docking_sort en-construccion-en_sort logistica-en_sort  av_one_fourth  default_av_fullwidth '><article class='main_color inner-entry'  itemscope=\"itemscope\" itemtype=\"https:\/\/schema.org\/CreativeWork\" ><a href=\"https:\/\/www.onilsa.com\/en\/sobre-onilsa\/proyectos\/edificio-paqueteria-constanti\/\" title='Edificio Paqueter\u00eda &#8211; Constant\u00ed'  data-rel='grid-1' class='grid-image avia-hover-fx'> <img decoding=\"async\" fetchpriority=\"high\" width=\"260\" height=\"185\" src=\"https:\/\/www.onilsa.com\/wp-content\/uploads\/2025\/10\/SEUR-CONSTANTI-260x185.jpg\" class=\"wp-image-13104 avia-img-lazy-loading-not-13104 attachment-portfolio_small size-portfolio_small wp-post-image\" alt=\"\" \/><\/a><div class='grid-content'><div class='avia-arrow'><\/div><header class=\"entry-content-header\" aria-label=\"Portfolio: Edificio Paqueter\u00eda &#8211; Constant\u00ed\"><h3 class='grid-entry-title entry-title '  itemprop=\"headline\" ><a href='https:\/\/www.onilsa.com\/en\/sobre-onilsa\/proyectos\/edificio-paqueteria-constanti\/' title='Edificio Paqueter\u00eda &#8211; Constant\u00ed'>Edificio Paqueter\u00eda &#8211; Constant\u00ed<\/a><\/h3><\/header><\/div><footer class=\"entry-footer\"><\/footer><\/article><\/div><div data-ajax-id='13797' class=' grid-entry flex_column isotope-item all_sort no_margin post-entry post-entry-13797 grid-entry-overview grid-loop-3 grid-parity-odd  frio_sort logistica-en_sort madrid_sort  av_one_fourth  default_av_fullwidth '><article class='main_color inner-entry'  itemscope=\"itemscope\" itemtype=\"https:\/\/schema.org\/CreativeWork\" ><a href=\"https:\/\/www.onilsa.com\/en\/sobre-onilsa\/proyectos\/azora-gavilanes-getafe\/\" title='Azora &#8211; Gavilanes Getafe'  data-rel='grid-1' class='grid-image avia-hover-fx'> <img decoding=\"async\" fetchpriority=\"high\" width=\"260\" height=\"185\" src=\"https:\/\/www.onilsa.com\/wp-content\/uploads\/2025\/04\/AZORA-GAVILANES-copia3-260x185.jpg\" class=\"wp-image-13305 avia-img-lazy-loading-not-13305 attachment-portfolio_small size-portfolio_small wp-post-image\" alt=\"\" \/><\/a><div class='grid-content'><div class='avia-arrow'><\/div><header class=\"entry-content-header\" aria-label=\"Portfolio: Azora &#8211; Gavilanes Getafe\"><h3 class='grid-entry-title entry-title '  itemprop=\"headline\" ><a href='https:\/\/www.onilsa.com\/en\/sobre-onilsa\/proyectos\/azora-gavilanes-getafe\/' title='Azora &#8211; Gavilanes Getafe'>Azora &#8211; Gavilanes Getafe<\/a><\/h3><\/header><\/div><footer class=\"entry-footer\"><\/footer><\/article><\/div><div data-ajax-id='13799' class=' grid-entry flex_column isotope-item all_sort no_margin post-entry post-entry-13799 grid-entry-overview grid-loop-4 grid-parity-even  post-entry-last  bim-en_sort en-construccion-en_sort logistica-en_sort  av_one_fourth  default_av_fullwidth '><article class='main_color inner-entry'  itemscope=\"itemscope\" itemtype=\"https:\/\/schema.org\/CreativeWork\" ><a href=\"https:\/\/www.onilsa.com\/en\/sobre-onilsa\/proyectos\/boreal-tradeinn-celra\/\" title='Boreal &#8211; TradeInn &#8211; Celr\u00e0'  data-rel='grid-1' class='grid-image avia-hover-fx'> <img decoding=\"async\" fetchpriority=\"high\" width=\"260\" height=\"185\" src=\"https:\/\/www.onilsa.com\/wp-content\/uploads\/2025\/03\/RENDER-01-260x185.jpg\" class=\"wp-image-13444 avia-img-lazy-loading-not-13444 attachment-portfolio_small size-portfolio_small wp-post-image\" alt=\"\" \/><\/a><div class='grid-content'><div class='avia-arrow'><\/div><header class=\"entry-content-header\" aria-label=\"Portfolio: Boreal &#8211; TradeInn &#8211; Celr\u00e0\"><h3 class='grid-entry-title entry-title '  itemprop=\"headline\" ><a href='https:\/\/www.onilsa.com\/en\/sobre-onilsa\/proyectos\/boreal-tradeinn-celra\/' title='Boreal &#8211; TradeInn &#8211; Celr\u00e0'>Boreal &#8211; TradeInn &#8211; Celr\u00e0<\/a><\/h3><\/header><\/div><footer class=\"entry-footer\"><\/footer><\/article><\/div><\/div><\/div>   <!--   class=\"av-portfolio-grid-sorting-container\"  --><div class='pagination-wrap  '><nav class='pagination'><span class='pagination-meta'>Page 1 of 20<\/span><span class='current'>1<\/span><a href='https:\/\/www.onilsa.com\/en\/wp-json\/wp\/v2\/portfolio\/13729\/?avia-element-paging=2' class='inactive next_page' >2<\/a><a href='https:\/\/www.onilsa.com\/en\/wp-json\/wp\/v2\/portfolio\/13729\/?avia-element-paging=3' class='inactive' >3<\/a><a href='https:\/\/www.onilsa.com\/en\/wp-json\/wp\/v2\/portfolio\/13729\/?avia-element-paging=2'>&rsaquo;<\/a><a href='https:\/\/www.onilsa.com\/en\/wp-json\/wp\/v2\/portfolio\/13729\/?avia-element-paging=20'>&raquo;<\/a><\/nav>\n<\/div>\n","protected":false},"excerpt":{"rendered":"","protected":false},"author":2,"featured_media":13295,"comment_status":"open","ping_status":"closed","template":"","meta":{"footnotes":""},"tags":[199,111],"portfolio_entries":[271,176],"class_list":["post-13729","portfolio","type-portfolio","status-publish","has-post-thumbnail","hentry","tag-logistica","tag-oficinas","portfolio_entries-cataluna","portfolio_entries-logistica-en"],"yoast_head":"<!-- This site is optimized with the Yoast SEO plugin v27.4 - https:\/\/yoast.com\/product\/yoast-seo-wordpress\/ -->\n<title>ALB - La Bisbal del Pened\u00e9s - Onilsa<\/title>\n<meta name=\"robots\" content=\"index, follow, max-snippet:-1, max-image-preview:large, max-video-preview:-1\" \/>\n<link rel=\"canonical\" href=\"https:\/\/www.onilsa.com\/sobre-onilsa\/proyectos\/alb-la-bisbal-del-penedes\/\" \/>\n<meta property=\"og:locale\" content=\"en_US\" \/>\n<meta property=\"og:type\" content=\"article\" \/>\n<meta property=\"og:title\" content=\"ALB - La Bisbal del Pened\u00e9s - Onilsa\" \/>\n<meta property=\"og:url\" content=\"https:\/\/www.onilsa.com\/sobre-onilsa\/proyectos\/alb-la-bisbal-del-penedes\/\" \/>\n<meta property=\"og:site_name\" content=\"Onilsa\" \/>\n<meta property=\"article:publisher\" content=\"https:\/\/www.facebook.com\/OnilsaEdifica\" \/>\n<meta property=\"article:modified_time\" content=\"2026-04-10T08:13:55+00:00\" \/>\n<meta property=\"og:image\" content=\"https:\/\/www.onilsa.com\/wp-content\/uploads\/2022\/11\/av_223398-copia.jpg\" \/>\n\t<meta property=\"og:image:width\" content=\"1515\" \/>\n\t<meta property=\"og:image:height\" content=\"1176\" \/>\n\t<meta property=\"og:image:type\" content=\"image\/jpeg\" \/>\n<meta name=\"twitter:card\" content=\"summary_large_image\" \/>\n<meta name=\"twitter:site\" content=\"@OnilsaEdifica\" \/>\n<meta name=\"twitter:label1\" content=\"Est. reading time\" \/>\n\t<meta name=\"twitter:data1\" content=\"2 minutes\" \/>\n<script type=\"application\/ld+json\" class=\"yoast-schema-graph\">{\"@context\":\"https:\\\/\\\/schema.org\",\"@graph\":[{\"@type\":\"WebPage\",\"@id\":\"https:\\\/\\\/www.onilsa.com\\\/sobre-onilsa\\\/proyectos\\\/alb-la-bisbal-del-penedes\\\/\",\"url\":\"https:\\\/\\\/www.onilsa.com\\\/sobre-onilsa\\\/proyectos\\\/alb-la-bisbal-del-penedes\\\/\",\"name\":\"ALB - La Bisbal del Pened\u00e9s - Onilsa\",\"isPartOf\":{\"@id\":\"https:\\\/\\\/www.onilsa.com\\\/#website\"},\"primaryImageOfPage\":{\"@id\":\"https:\\\/\\\/www.onilsa.com\\\/sobre-onilsa\\\/proyectos\\\/alb-la-bisbal-del-penedes\\\/#primaryimage\"},\"image\":{\"@id\":\"https:\\\/\\\/www.onilsa.com\\\/sobre-onilsa\\\/proyectos\\\/alb-la-bisbal-del-penedes\\\/#primaryimage\"},\"thumbnailUrl\":\"https:\\\/\\\/www.onilsa.com\\\/wp-content\\\/uploads\\\/2022\\\/11\\\/av_223398-copia.jpg\",\"datePublished\":\"2022-11-03T11:00:53+00:00\",\"dateModified\":\"2026-04-10T08:13:55+00:00\",\"breadcrumb\":{\"@id\":\"https:\\\/\\\/www.onilsa.com\\\/sobre-onilsa\\\/proyectos\\\/alb-la-bisbal-del-penedes\\\/#breadcrumb\"},\"inLanguage\":\"en-US\",\"potentialAction\":[{\"@type\":\"ReadAction\",\"target\":[\"https:\\\/\\\/www.onilsa.com\\\/sobre-onilsa\\\/proyectos\\\/alb-la-bisbal-del-penedes\\\/\"]}]},{\"@type\":\"ImageObject\",\"inLanguage\":\"en-US\",\"@id\":\"https:\\\/\\\/www.onilsa.com\\\/sobre-onilsa\\\/proyectos\\\/alb-la-bisbal-del-penedes\\\/#primaryimage\",\"url\":\"https:\\\/\\\/www.onilsa.com\\\/wp-content\\\/uploads\\\/2022\\\/11\\\/av_223398-copia.jpg\",\"contentUrl\":\"https:\\\/\\\/www.onilsa.com\\\/wp-content\\\/uploads\\\/2022\\\/11\\\/av_223398-copia.jpg\",\"width\":1515,\"height\":1176},{\"@type\":\"BreadcrumbList\",\"@id\":\"https:\\\/\\\/www.onilsa.com\\\/sobre-onilsa\\\/proyectos\\\/alb-la-bisbal-del-penedes\\\/#breadcrumb\",\"itemListElement\":[{\"@type\":\"ListItem\",\"position\":1,\"name\":\"Inicio\",\"item\":\"https:\\\/\\\/www.onilsa.com\\\/en\\\/home\\\/\"},{\"@type\":\"ListItem\",\"position\":2,\"name\":\"ALB &#8211; La Bisbal del Pened\u00e9s\"}]},{\"@type\":\"WebSite\",\"@id\":\"https:\\\/\\\/www.onilsa.com\\\/#website\",\"url\":\"https:\\\/\\\/www.onilsa.com\\\/\",\"name\":\"Onilsa\",\"description\":\"Empresa de servicios de Construcci\u00f3n Industrial, Log\u00edstica y Comercial\",\"publisher\":{\"@id\":\"https:\\\/\\\/www.onilsa.com\\\/#organization\"},\"potentialAction\":[{\"@type\":\"SearchAction\",\"target\":{\"@type\":\"EntryPoint\",\"urlTemplate\":\"https:\\\/\\\/www.onilsa.com\\\/?s={search_term_string}\"},\"query-input\":{\"@type\":\"PropertyValueSpecification\",\"valueRequired\":true,\"valueName\":\"search_term_string\"}}],\"inLanguage\":\"en-US\"},{\"@type\":\"Organization\",\"@id\":\"https:\\\/\\\/www.onilsa.com\\\/#organization\",\"name\":\"Onilsa\",\"url\":\"https:\\\/\\\/www.onilsa.com\\\/\",\"logo\":{\"@type\":\"ImageObject\",\"inLanguage\":\"en-US\",\"@id\":\"https:\\\/\\\/www.onilsa.com\\\/#\\\/schema\\\/logo\\\/image\\\/\",\"url\":\"https:\\\/\\\/www.onilsa.com\\\/wp-content\\\/uploads\\\/2015\\\/08\\\/LOGO-ONILSA3d-01.jpg\",\"contentUrl\":\"https:\\\/\\\/www.onilsa.com\\\/wp-content\\\/uploads\\\/2015\\\/08\\\/LOGO-ONILSA3d-01.jpg\",\"width\":1134,\"height\":567,\"caption\":\"Onilsa\"},\"image\":{\"@id\":\"https:\\\/\\\/www.onilsa.com\\\/#\\\/schema\\\/logo\\\/image\\\/\"},\"sameAs\":[\"https:\\\/\\\/www.facebook.com\\\/OnilsaEdifica\",\"https:\\\/\\\/x.com\\\/OnilsaEdifica\",\"https:\\\/\\\/www.instagram.com\\\/onilsaedifica\\\/\",\"https:\\\/\\\/www.linkedin.com\\\/company\\\/onilsa\",\"https:\\\/\\\/www.youtube.com\\\/channel\\\/UC3GnacEdE9wTcj-5e-i8Sig\"]}]}<\/script>\n<!-- \/ Yoast SEO plugin. -->","yoast_head_json":{"title":"ALB - La Bisbal del Pened\u00e9s - Onilsa","robots":{"index":"index","follow":"follow","max-snippet":"max-snippet:-1","max-image-preview":"max-image-preview:large","max-video-preview":"max-video-preview:-1"},"canonical":"https:\/\/www.onilsa.com\/sobre-onilsa\/proyectos\/alb-la-bisbal-del-penedes\/","og_locale":"en_US","og_type":"article","og_title":"ALB - La Bisbal del Pened\u00e9s - Onilsa","og_url":"https:\/\/www.onilsa.com\/sobre-onilsa\/proyectos\/alb-la-bisbal-del-penedes\/","og_site_name":"Onilsa","article_publisher":"https:\/\/www.facebook.com\/OnilsaEdifica","article_modified_time":"2026-04-10T08:13:55+00:00","og_image":[{"width":1515,"height":1176,"url":"https:\/\/www.onilsa.com\/wp-content\/uploads\/2022\/11\/av_223398-copia.jpg","type":"image\/jpeg"}],"twitter_card":"summary_large_image","twitter_site":"@OnilsaEdifica","twitter_misc":{"Est. reading time":"2 minutes"},"schema":{"@context":"https:\/\/schema.org","@graph":[{"@type":"WebPage","@id":"https:\/\/www.onilsa.com\/sobre-onilsa\/proyectos\/alb-la-bisbal-del-penedes\/","url":"https:\/\/www.onilsa.com\/sobre-onilsa\/proyectos\/alb-la-bisbal-del-penedes\/","name":"ALB - La Bisbal del Pened\u00e9s - Onilsa","isPartOf":{"@id":"https:\/\/www.onilsa.com\/#website"},"primaryImageOfPage":{"@id":"https:\/\/www.onilsa.com\/sobre-onilsa\/proyectos\/alb-la-bisbal-del-penedes\/#primaryimage"},"image":{"@id":"https:\/\/www.onilsa.com\/sobre-onilsa\/proyectos\/alb-la-bisbal-del-penedes\/#primaryimage"},"thumbnailUrl":"https:\/\/www.onilsa.com\/wp-content\/uploads\/2022\/11\/av_223398-copia.jpg","datePublished":"2022-11-03T11:00:53+00:00","dateModified":"2026-04-10T08:13:55+00:00","breadcrumb":{"@id":"https:\/\/www.onilsa.com\/sobre-onilsa\/proyectos\/alb-la-bisbal-del-penedes\/#breadcrumb"},"inLanguage":"en-US","potentialAction":[{"@type":"ReadAction","target":["https:\/\/www.onilsa.com\/sobre-onilsa\/proyectos\/alb-la-bisbal-del-penedes\/"]}]},{"@type":"ImageObject","inLanguage":"en-US","@id":"https:\/\/www.onilsa.com\/sobre-onilsa\/proyectos\/alb-la-bisbal-del-penedes\/#primaryimage","url":"https:\/\/www.onilsa.com\/wp-content\/uploads\/2022\/11\/av_223398-copia.jpg","contentUrl":"https:\/\/www.onilsa.com\/wp-content\/uploads\/2022\/11\/av_223398-copia.jpg","width":1515,"height":1176},{"@type":"BreadcrumbList","@id":"https:\/\/www.onilsa.com\/sobre-onilsa\/proyectos\/alb-la-bisbal-del-penedes\/#breadcrumb","itemListElement":[{"@type":"ListItem","position":1,"name":"Inicio","item":"https:\/\/www.onilsa.com\/en\/home\/"},{"@type":"ListItem","position":2,"name":"ALB &#8211; La Bisbal del Pened\u00e9s"}]},{"@type":"WebSite","@id":"https:\/\/www.onilsa.com\/#website","url":"https:\/\/www.onilsa.com\/","name":"Onilsa","description":"Empresa de servicios de Construcci\u00f3n Industrial, Log\u00edstica y Comercial","publisher":{"@id":"https:\/\/www.onilsa.com\/#organization"},"potentialAction":[{"@type":"SearchAction","target":{"@type":"EntryPoint","urlTemplate":"https:\/\/www.onilsa.com\/?s={search_term_string}"},"query-input":{"@type":"PropertyValueSpecification","valueRequired":true,"valueName":"search_term_string"}}],"inLanguage":"en-US"},{"@type":"Organization","@id":"https:\/\/www.onilsa.com\/#organization","name":"Onilsa","url":"https:\/\/www.onilsa.com\/","logo":{"@type":"ImageObject","inLanguage":"en-US","@id":"https:\/\/www.onilsa.com\/#\/schema\/logo\/image\/","url":"https:\/\/www.onilsa.com\/wp-content\/uploads\/2015\/08\/LOGO-ONILSA3d-01.jpg","contentUrl":"https:\/\/www.onilsa.com\/wp-content\/uploads\/2015\/08\/LOGO-ONILSA3d-01.jpg","width":1134,"height":567,"caption":"Onilsa"},"image":{"@id":"https:\/\/www.onilsa.com\/#\/schema\/logo\/image\/"},"sameAs":["https:\/\/www.facebook.com\/OnilsaEdifica","https:\/\/x.com\/OnilsaEdifica","https:\/\/www.instagram.com\/onilsaedifica\/","https:\/\/www.linkedin.com\/company\/onilsa","https:\/\/www.youtube.com\/channel\/UC3GnacEdE9wTcj-5e-i8Sig"]}]}},"_links":{"self":[{"href":"https:\/\/www.onilsa.com\/en\/wp-json\/wp\/v2\/portfolio\/13729","targetHints":{"allow":["GET"]}}],"collection":[{"href":"https:\/\/www.onilsa.com\/en\/wp-json\/wp\/v2\/portfolio"}],"about":[{"href":"https:\/\/www.onilsa.com\/en\/wp-json\/wp\/v2\/types\/portfolio"}],"author":[{"embeddable":true,"href":"https:\/\/www.onilsa.com\/en\/wp-json\/wp\/v2\/users\/2"}],"replies":[{"embeddable":true,"href":"https:\/\/www.onilsa.com\/en\/wp-json\/wp\/v2\/comments?post=13729"}],"version-history":[{"count":1,"href":"https:\/\/www.onilsa.com\/en\/wp-json\/wp\/v2\/portfolio\/13729\/revisions"}],"predecessor-version":[{"id":13730,"href":"https:\/\/www.onilsa.com\/en\/wp-json\/wp\/v2\/portfolio\/13729\/revisions\/13730"}],"wp:featuredmedia":[{"embeddable":true,"href":"https:\/\/www.onilsa.com\/en\/wp-json\/wp\/v2\/media\/13295"}],"wp:attachment":[{"href":"https:\/\/www.onilsa.com\/en\/wp-json\/wp\/v2\/media?parent=13729"}],"wp:term":[{"taxonomy":"post_tag","embeddable":true,"href":"https:\/\/www.onilsa.com\/en\/wp-json\/wp\/v2\/tags?post=13729"},{"taxonomy":"portfolio_entries","embeddable":true,"href":"https:\/\/www.onilsa.com\/en\/wp-json\/wp\/v2\/portfolio_entries?post=13729"}],"curies":[{"name":"wp","href":"https:\/\/api.w.org\/{rel}","templated":true}]}}